{"id":42,"date":"2020-09-29T10:19:47","date_gmt":"2020-09-29T10:19:47","guid":{"rendered":"https:\/\/www.affectio.es\/?page_id=42"},"modified":"2020-10-14T08:09:01","modified_gmt":"2020-10-14T08:09:01","slug":"asesoramiento-personas-estrategia-y-organizacion","status":"publish","type":"page","link":"https:\/\/www.affectio.es\/es\/integral\/asesoramiento-personas-estrategia-y-organizacion\/","title":{"rendered":"Asesoramiento. Personas, estrategia y organizaci\u00f3n"},"content":{"rendered":"<div class=\"wpb-content-wrapper\"><p>[vc_row][vc_column]<div id=\"ultimate-heading-878969f517788c032\" class=\"uvc-heading ult-adjust-bottom-margin ultimate-heading-878969f517788c032 uvc-903 \" data-hspacer=\"no_spacer\"  data-halign=\"left\" style=\"text-align:left\"><div class=\"uvc-heading-spacer no_spacer\" style=\"top\"><\/div><div class=\"uvc-main-heading ult-responsive\"  data-ultimate-target='.uvc-heading.ultimate-heading-878969f517788c032 h2'  data-responsive-json-new='{\"font-size\":\"desktop:24px;\",\"line-height\":\"desktop:30px;\"}' ><h2 style=\"font-weight:bold;margin-bottom:22px;\">ASESORAMIENTO. PERSONAS, ESTRATEGIA Y ORGANIZACI\u00d3N<\/h2><\/div><div class=\"uvc-sub-heading ult-responsive\"  data-ultimate-target='.uvc-heading.ultimate-heading-878969f517788c032 .uvc-sub-heading '  data-responsive-json-new='{\"font-size\":\"desktop:14px;\",\"line-height\":\"desktop:28px;\"}'  style=\"font-weight:normal;margin-bottom:30px;\"><\/p>\n<div style=\"text-align: justify;\">\n<p>Nuestro equipo dispone de expertos con una amplia experiencia en el acompa\u00f1amiento y asesoramiento a empresas y entidades, especialmente de peque\u00f1a y mediana dimensi\u00f3n. Nuestra filosof\u00eda de trabajo se basa en la proximidad, la flexibilidad y el rigor profesional.<br \/>\nNuestro asesoramiento identifica las necesidades de nuestros clientes implanta soluciones pr\u00e1cticas y realistas para cada situaci\u00f3n. Todos los proyectos son dirigidos por consultores seniors, que cuentan con el soporte de m\u00e1s de 30 profesionales especializados en los diversos campos de conocimiento vinculados a la empresa.<\/p>\n<\/div>\n<p><\/div><\/div>[vc_separator][\/vc_column][\/vc_row][vc_row css=\u00bb.vc_custom_1601388326198{margin-bottom: -80px !important;}\u00bb][vc_column][vc_single_image image=\u00bb203&#8243; img_size=\u00bbfull\u00bb css=\u00bb.vc_custom_1601388512502{padding-bottom: 20px !important;}\u00bb][vc_column_text css=\u00bb.vc_custom_1585328916512{margin-top: 0px !important;margin-bottom: 0px !important;padding-top: 0px !important;padding-bottom: 0px !important;}\u00bb el_id=\u00bbdivconsultoria-personas\u00bb][\/vc_column_text]<div id=\"ultimate-heading-842169f517788c141\" class=\"uvc-heading ult-adjust-bottom-margin ultimate-heading-842169f517788c141 uvc-4676 color-title\" data-hspacer=\"line_only\"  data-halign=\"left\" style=\"text-align:left\"><div class=\"uvc-main-heading ult-responsive\"  data-ultimate-target='.uvc-heading.ultimate-heading-842169f517788c141 h2'  data-responsive-json-new='{\"font-size\":\"desktop:30px;\",\"line-height\":\"desktop:40px;\"}' ><h2 style=\"font-weight:bold;color:#333366;margin-top:25px;margin-bottom:25px;\">Personas<\/h2><\/div><div class=\"uvc-heading-spacer line_only\" style=\"topheight:1px;\"><span class=\"uvc-headings-line\" style=\"border-style:solid;border-bottom-width:1px;border-color:#3f4a9a;width:autopx;\"><\/span><\/div><\/div>[vc_column_text css=\u00bb.vc_custom_1585328568926{padding-top: 30px !important;padding-bottom: 30px !important;}\u00bb]<\/p>\n<div style=\"text-align: justify;\">\n<p><strong>\u2022 Coach Directivo.<\/strong><br \/>\nAcompa\u00f1amos a las personas que tienen responsabilidades en la organizaci\u00f3n para ayudarles a potenciar sus capacidades y habilidades directivas (gesti\u00f3n de equipos, liderazgo, comunicaci\u00f3n, negociaci\u00f3n o situaciones de conflicto).<br \/>\n<strong>\u2022 Coach para la Sucesi\u00f3n.<\/strong><br \/>\nAcompa\u00f1amos el proceso de sucesi\u00f3n propio de las Empresas Familiares, desde su dise\u00f1o hasta el soporte directo a todas las personas implicadas (generaci\u00f3n que sucede y generaci\u00f3n sucedida) con el objeto de facilitar el deseado relevo familiar.<br \/>\n<strong>\u2022 Equipos directivos.<\/strong><br \/>\nDentro del proceso de desarrollo e implantaci\u00f3n estrat\u00e9gica, facilitamos y acompa\u00f1amos la constituci\u00f3n de Equipos Directivos. Definiendo sus funciones y alcance estrat\u00e9gico.<\/p>\n<\/div>\n<p>[\/vc_column_text][vc_column_text css=\u00bb.vc_custom_1585328928921{margin-top: 0px !important;margin-bottom: 0px !important;padding-top: 0px !important;padding-bottom: 0px !important;}\u00bb el_id=\u00bbdivconsultoria-estrategia\u00bb][\/vc_column_text]<div id=\"ultimate-heading-601469f517788c1b5\" class=\"uvc-heading ult-adjust-bottom-margin ultimate-heading-601469f517788c1b5 uvc-7542 color-title\" data-hspacer=\"line_only\"  data-halign=\"left\" style=\"text-align:left\"><div class=\"uvc-main-heading ult-responsive\"  data-ultimate-target='.uvc-heading.ultimate-heading-601469f517788c1b5 h2'  data-responsive-json-new='{\"font-size\":\"desktop:30px;\",\"line-height\":\"desktop:40px;\"}' ><h2 style=\"font-weight:bold;color:#333366;margin-top:25px;margin-bottom:25px;\">Estrategia<\/h2><\/div><div class=\"uvc-heading-spacer line_only\" style=\"topheight:1px;\"><span class=\"uvc-headings-line\" style=\"border-style:solid;border-bottom-width:1px;border-color:#3f4a9a;width:autopx;\"><\/span><\/div><\/div>[vc_column_text css=\u00bb.vc_custom_1601463398108{padding-top: 30px !important;padding-bottom: 30px !important;}\u00bb]<\/p>\n<div style=\"text-align: justify;\">\n<p><strong>\u2022Generaci\u00f3n del Plan Estrat\u00e9gico y acompa\u00f1amiento en su implantaci\u00f3n. <\/strong><br \/>\nAcompa\u00f1amos la elaboraci\u00f3n del Plan Estrat\u00e9gico considerando el modelo de negocio y la propuesta de valor actual y futura de la organizaci\u00f3n. Facilitamos el despliegue efectivo de la estrategia gracias a la definici\u00f3n de acciones, calendarios, responsabilidades y costes de ejecuci\u00f3n. Nuestro equipo consultor dar soporte a la implantaci\u00f3n de acciones en \u00e1mbitos como la actividad comercial y el marketing, las finanzas, la gesti\u00f3n organizacional o la mejora de procesos.<\/p>\n<p><strong>\u2022 Programa Dimensiona, para empresas en crecimiento en colaboraci\u00f3n con PIMEC (<a href=\"https:\/\/www.pimec.org\/es\" target=\"_blank\" rel=\"noopener noreferrer\">incluye condiciones especiales<\/a>)<\/strong><br \/>\nComo partners de Pimec, implantamos el programa Dimensiona PIME, concebido para desarrollar al m\u00e1ximo las posibilidades de optimizaci\u00f3n (enfoque en la rentabilidad) y de crecimiento de las empresas. Este programa cuenta con una bonificaci\u00f3n especial para los socios de Pimec. Para m\u00e1s informaci\u00f3n consultar <a href=\"https:\/\/www.pimec.org\/ca\/pimes-autonoms\/serveis\/estrategia-empresarial\" target=\"_blank\" rel=\"noopener noreferrer\">aqu\u00ed<\/a>.<\/p>\n<p><strong>\u2022 Elaboraci\u00f3n del Plan de Gesti\u00f3n anual.<\/strong><br \/>\nDesde el corto plazo, definimos y acompa\u00f1amos el despliegue del Planes de Gesti\u00f3n que orienta los recursos y las acciones de la empresa hacia la consecuci\u00f3n de sus objetivos anuales.<\/p>\n<\/div>\n<p>[\/vc_column_text][vc_column_text css=\u00bb.vc_custom_1585328938472{margin-top: 0px !important;margin-bottom: 0px !important;padding-top: 0px !important;padding-bottom: 0px !important;}\u00bb el_id=\u00bbdivconsultoria-organizacion\u00bb][\/vc_column_text]<div id=\"ultimate-heading-128369f517788c237\" class=\"uvc-heading ult-adjust-bottom-margin ultimate-heading-128369f517788c237 uvc-8901 color-title\" data-hspacer=\"line_only\"  data-halign=\"left\" style=\"text-align:left\"><div class=\"uvc-main-heading ult-responsive\"  data-ultimate-target='.uvc-heading.ultimate-heading-128369f517788c237 h2'  data-responsive-json-new='{\"font-size\":\"desktop:30px;\",\"line-height\":\"desktop:40px;\"}' ><h2 style=\"font-weight:bold;color:#333366;margin-top:25px;margin-bottom:25px;\">Organizaci\u00f3n<\/h2><\/div><div class=\"uvc-heading-spacer line_only\" style=\"topheight:1px;\"><span class=\"uvc-headings-line\" style=\"border-style:solid;border-bottom-width:1px;border-color:#3f4a9a;width:autopx;\"><\/span><\/div><\/div>[vc_column_text css=\u00bb.vc_custom_1585328713232{padding-top: 30px !important;padding-bottom: 30px !important;}\u00bb]<\/p>\n<div style=\"text-align: justify;\">\n<p><strong>\u2022 An\u00e1lisis y mejora de procesos, mapa global y job descriptions. <\/strong><br \/>\nDocumentamos los procesos organizacionales, y definimos e identificamos mejoras en cada proceso que permitan alcanzar mayores niveles de eficiencia, productividad y coordinaci\u00f3n entre los procesos y entre los distintos departamentos. La implantaci\u00f3n se realiza mediante un proceso participativo con los responsables de la organizaci\u00f3n en el que recopilamos disfunciones y puntos de mejora que son analizados para posteriormente aplicarlos en el funcionamiento operativo de cada departamento.<br \/>\nPara asegurar la coherencia entre el proceso y su despliegue operativo, analizamos y modificamos, en los casos en que corresponda, los job descriptions de la organizaci\u00f3n.<br \/>\n<strong>\u2022 Implantaci\u00f3n de procesos de innovaci\u00f3n y desarrollo de nuevas l\u00edneas de negocio. <\/strong><br \/>\nImpulsamos la generaci\u00f3n y posterior implantaci\u00f3n de sistemas de innovaci\u00f3n que permitan a las organizaciones asegurar una constante entrada de nuevas ideas, a la vez que acompa\u00f1amos en la concreci\u00f3n, desarrollo e impulso de nuevas l\u00edneas de actuaci\u00f3n que podr\u00e1n incluir la realizaci\u00f3n de su correspondiente plan de negocio.<\/p>\n<\/div>\n<p>[\/vc_column_text][vc_separator style=\u00bbdouble\u00bb border_width=\u00bb2&#8243; css=\u00bb.vc_custom_1581012067783{margin-top: 30px !important;margin-bottom: 30px !important;}\u00bb][\/vc_column][\/vc_row]<\/p>\n<\/div>","protected":false},"excerpt":{"rendered":"<p>[vc_row][vc_column][vc_separator][\/vc_column][\/vc_row][vc_row css=\u00bb.vc_custom_1601388326198{margin-bottom: -80px !important;}\u00bb][vc_column][vc_single_image image=\u00bb203&#8243; img_size=\u00bbfull\u00bb css=\u00bb.vc_custom_1601388512502{padding-bottom: 20px !important;}\u00bb][vc_column_text css=\u00bb.vc_custom_1585328916512{margin-top: 0px !important;margin-bottom: 0px !important;padding-top: 0px !important;padding-bottom: 0px !important;}\u00bb el_id=\u00bbdivconsultoria-personas\u00bb][\/vc_column_text][vc_column_text css=\u00bb.vc_custom_1585328568926{padding-top: 30px !important;padding-bottom: 30px !important;}\u00bb] \u2022 Coach Directivo. Acompa\u00f1amos a las personas que tienen responsabilidades en la organizaci\u00f3n para ayudarles a potenciar sus capacidades y habilidades directivas (gesti\u00f3n de equipos, liderazgo, comunicaci\u00f3n, negociaci\u00f3n o situaciones de&hellip;<\/p>\n","protected":false},"author":1,"featured_media":0,"parent":34,"menu_order":0,"comment_status":"closed","ping_status":"closed","template":"","meta":{"footnotes":""},"class_list":["post-42","page","type-page","status-publish","hentry","description-off"],"yoast_head":"<!-- This site is optimized with the Yoast SEO plugin v26.9 - https:\/\/yoast.com\/product\/yoast-seo-wordpress\/ -->\n<title>Asesoramiento. Personas, estrategia y organizaci\u00f3n - Affectio Group<\/title>\n<meta name=\"description\" content=\"Nuestro asesoramiento identifica las necesidades de nuestros clientes, implanta soluciones pr\u00e1cticas y realistas para cada situaci\u00f3n\" \/>\n<meta name=\"robots\" content=\"index, follow, max-snippet:-1, max-image-preview:large, max-video-preview:-1\" \/>\n<link rel=\"canonical\" href=\"https:\/\/www.affectio.es\/es\/integral\/asesoramiento-personas-estrategia-y-organizacion\/\" \/>\n<meta property=\"og:locale\" content=\"es_ES\" \/>\n<meta property=\"og:type\" content=\"article\" \/>\n<meta property=\"og:title\" content=\"Asesoramiento. Personas, estrategia y organizaci\u00f3n - Affectio Group\" \/>\n<meta property=\"og:description\" content=\"Nuestro asesoramiento identifica las necesidades de nuestros clientes, implanta soluciones pr\u00e1cticas y realistas para cada situaci\u00f3n\" \/>\n<meta property=\"og:url\" content=\"https:\/\/www.affectio.es\/es\/integral\/asesoramiento-personas-estrategia-y-organizacion\/\" \/>\n<meta property=\"og:site_name\" content=\"Affectio Group\" \/>\n<meta property=\"article:modified_time\" content=\"2020-10-14T08:09:01+00:00\" \/>\n<meta name=\"twitter:card\" content=\"summary_large_image\" \/>\n<meta name=\"twitter:label1\" content=\"Tiempo de lectura\" \/>\n\t<meta name=\"twitter:data1\" content=\"5 minutos\" \/>\n<script type=\"application\/ld+json\" class=\"yoast-schema-graph\">{\"@context\":\"https:\/\/schema.org\",\"@graph\":[{\"@type\":\"WebPage\",\"@id\":\"https:\/\/www.affectio.es\/es\/integral\/asesoramiento-personas-estrategia-y-organizacion\/\",\"url\":\"https:\/\/www.affectio.es\/es\/integral\/asesoramiento-personas-estrategia-y-organizacion\/\",\"name\":\"Asesoramiento. Personas, estrategia y organizaci\u00f3n - Affectio Group\",\"isPartOf\":{\"@id\":\"https:\/\/www.affectio.es\/es\/#website\"},\"datePublished\":\"2020-09-29T10:19:47+00:00\",\"dateModified\":\"2020-10-14T08:09:01+00:00\",\"description\":\"Nuestro asesoramiento identifica las necesidades de nuestros clientes, implanta soluciones pr\u00e1cticas y realistas para cada situaci\u00f3n\",\"breadcrumb\":{\"@id\":\"https:\/\/www.affectio.es\/es\/integral\/asesoramiento-personas-estrategia-y-organizacion\/#breadcrumb\"},\"inLanguage\":\"es\",\"potentialAction\":[{\"@type\":\"ReadAction\",\"target\":[\"https:\/\/www.affectio.es\/es\/integral\/asesoramiento-personas-estrategia-y-organizacion\/\"]}]},{\"@type\":\"BreadcrumbList\",\"@id\":\"https:\/\/www.affectio.es\/es\/integral\/asesoramiento-personas-estrategia-y-organizacion\/#breadcrumb\",\"itemListElement\":[{\"@type\":\"ListItem\",\"position\":1,\"name\":\"Portada\",\"item\":\"https:\/\/www.affectio.es\/es\/\"},{\"@type\":\"ListItem\",\"position\":2,\"name\":\"Integral\",\"item\":\"https:\/\/www.affectio.es\/es\/integral\/\"},{\"@type\":\"ListItem\",\"position\":3,\"name\":\"Asesoramiento. Personas, estrategia y organizaci\u00f3n\"}]},{\"@type\":\"WebSite\",\"@id\":\"https:\/\/www.affectio.es\/es\/#website\",\"url\":\"https:\/\/www.affectio.es\/es\/\",\"name\":\"Affectio Group\",\"description\":\"Affectio Group es la expresi\u00f3n del v\u00ednculo entre los m\u00e1s de 30 profesionales de Integral\u00ae y de Idea Iuris\u00ae, basado en la mutua confianza y en su deseo de aunar sus contrastadas solvencia y experiencia\",\"potentialAction\":[{\"@type\":\"SearchAction\",\"target\":{\"@type\":\"EntryPoint\",\"urlTemplate\":\"https:\/\/www.affectio.es\/es\/?s={search_term_string}\"},\"query-input\":{\"@type\":\"PropertyValueSpecification\",\"valueRequired\":true,\"valueName\":\"search_term_string\"}}],\"inLanguage\":\"es\"}]}<\/script>\n<!-- \/ Yoast SEO plugin. -->","yoast_head_json":{"title":"Asesoramiento. Personas, estrategia y organizaci\u00f3n - Affectio Group","description":"Nuestro asesoramiento identifica las necesidades de nuestros clientes, implanta soluciones pr\u00e1cticas y realistas para cada situaci\u00f3n","robots":{"index":"index","follow":"follow","max-snippet":"max-snippet:-1","max-image-preview":"max-image-preview:large","max-video-preview":"max-video-preview:-1"},"canonical":"https:\/\/www.affectio.es\/es\/integral\/asesoramiento-personas-estrategia-y-organizacion\/","og_locale":"es_ES","og_type":"article","og_title":"Asesoramiento. Personas, estrategia y organizaci\u00f3n - Affectio Group","og_description":"Nuestro asesoramiento identifica las necesidades de nuestros clientes, implanta soluciones pr\u00e1cticas y realistas para cada situaci\u00f3n","og_url":"https:\/\/www.affectio.es\/es\/integral\/asesoramiento-personas-estrategia-y-organizacion\/","og_site_name":"Affectio Group","article_modified_time":"2020-10-14T08:09:01+00:00","twitter_card":"summary_large_image","twitter_misc":{"Tiempo de lectura":"5 minutos"},"schema":{"@context":"https:\/\/schema.org","@graph":[{"@type":"WebPage","@id":"https:\/\/www.affectio.es\/es\/integral\/asesoramiento-personas-estrategia-y-organizacion\/","url":"https:\/\/www.affectio.es\/es\/integral\/asesoramiento-personas-estrategia-y-organizacion\/","name":"Asesoramiento. Personas, estrategia y organizaci\u00f3n - Affectio Group","isPartOf":{"@id":"https:\/\/www.affectio.es\/es\/#website"},"datePublished":"2020-09-29T10:19:47+00:00","dateModified":"2020-10-14T08:09:01+00:00","description":"Nuestro asesoramiento identifica las necesidades de nuestros clientes, implanta soluciones pr\u00e1cticas y realistas para cada situaci\u00f3n","breadcrumb":{"@id":"https:\/\/www.affectio.es\/es\/integral\/asesoramiento-personas-estrategia-y-organizacion\/#breadcrumb"},"inLanguage":"es","potentialAction":[{"@type":"ReadAction","target":["https:\/\/www.affectio.es\/es\/integral\/asesoramiento-personas-estrategia-y-organizacion\/"]}]},{"@type":"BreadcrumbList","@id":"https:\/\/www.affectio.es\/es\/integral\/asesoramiento-personas-estrategia-y-organizacion\/#breadcrumb","itemListElement":[{"@type":"ListItem","position":1,"name":"Portada","item":"https:\/\/www.affectio.es\/es\/"},{"@type":"ListItem","position":2,"name":"Integral","item":"https:\/\/www.affectio.es\/es\/integral\/"},{"@type":"ListItem","position":3,"name":"Asesoramiento. Personas, estrategia y organizaci\u00f3n"}]},{"@type":"WebSite","@id":"https:\/\/www.affectio.es\/es\/#website","url":"https:\/\/www.affectio.es\/es\/","name":"Affectio Group","description":"Affectio Group es la expresi\u00f3n del v\u00ednculo entre los m\u00e1s de 30 profesionales de Integral\u00ae y de Idea Iuris\u00ae, basado en la mutua confianza y en su deseo de aunar sus contrastadas solvencia y experiencia","potentialAction":[{"@type":"SearchAction","target":{"@type":"EntryPoint","urlTemplate":"https:\/\/www.affectio.es\/es\/?s={search_term_string}"},"query-input":{"@type":"PropertyValueSpecification","valueRequired":true,"valueName":"search_term_string"}}],"inLanguage":"es"}]}},"_links":{"self":[{"href":"https:\/\/www.affectio.es\/es\/wp-json\/wp\/v2\/pages\/42","targetHints":{"allow":["GET"]}}],"collection":[{"href":"https:\/\/www.affectio.es\/es\/wp-json\/wp\/v2\/pages"}],"about":[{"href":"https:\/\/www.affectio.es\/es\/wp-json\/wp\/v2\/types\/page"}],"author":[{"embeddable":true,"href":"https:\/\/www.affectio.es\/es\/wp-json\/wp\/v2\/users\/1"}],"replies":[{"embeddable":true,"href":"https:\/\/www.affectio.es\/es\/wp-json\/wp\/v2\/comments?post=42"}],"version-history":[{"count":4,"href":"https:\/\/www.affectio.es\/es\/wp-json\/wp\/v2\/pages\/42\/revisions"}],"predecessor-version":[{"id":698,"href":"https:\/\/www.affectio.es\/es\/wp-json\/wp\/v2\/pages\/42\/revisions\/698"}],"up":[{"embeddable":true,"href":"https:\/\/www.affectio.es\/es\/wp-json\/wp\/v2\/pages\/34"}],"wp:attachment":[{"href":"https:\/\/www.affectio.es\/es\/wp-json\/wp\/v2\/media?parent=42"}],"curies":[{"name":"wp","href":"https:\/\/api.w.org\/{rel}","templated":true}]}}